{"version":"1.0","provider_name":"maszi","provider_url":"https:\/\/maszi.cafeblog.hu","author_name":"maszi","author_url":"https:\/\/maszi.cafeblog.hu\/author\/maszi\/","title":"N\u00e9zz felfel\u00e9!","html":"<p><strong>Tegye fel a kez\u00e9t az, de \u0151szint\u00e9n, aki szokott \"csak \u00fagy\" elindulni, hogy k\u00f6rben\u00e9zzen, hol lakik. Nem csak a megszokott utc\u00e1kat j\u00e1rni, munk\u00e1ba \u00e9s munk\u00e1b\u00f3l rohanni, hanem igaz\u00e1n k\u00f6rben\u00e9zni. Az utc\u00e1kon, az \u00e9p\u00fcletek k\u00f6z\u00f6tt. Megcsod\u00e1lni a ker\u00fclet, a v\u00e1ros vagy \u00e9pp a v\u00e1rosr\u00e9sz sz\u00e9ps\u00e9geit. Net\u00e1n bemer\u00e9szkedni olyan ter\u00fcletekre, ahol semmi dolga, csak megn\u00e9zni mag\u00e1nak, hol lakik. Belefeledkezni a sz\u00e9ps\u00e9gbe, sz\u00e1jt\u00e1tva n\u00e9zni a semmib\u0151l kib\u00faj\u00f3 \u00faj \u00e9p\u00fcleteket, meg-meg\u00e1llni az ismeretlen r\u00e9szek el\u0151tt.<\/strong><\/p>\r\n<p>Az t\u00f6rt\u00e9nt ma, hogy az \u00faj menetrend bevezet\u00e9se ut\u00e1n felsz\u00e1lltam egy buszra, amir\u0151l csak sejtettem, hogy arrafel\u00e9 megy, amerre az utam vezet. Majdnem bej\u00f6tt a sz\u00e1m\u00edt\u00e1som, lesz\u00e1m\u00edtva, hogy egyszer csak elkanyarodott velem az ismeretlenbe. Hazudn\u00e9k, ha azt mondan\u00e1m, fogalmam sincs, hol sz\u00e1lltam le, minden esetre meglepetten konstat\u00e1ltam, hogy hossz\u00fa gyalog\u00fat vezet innen haza. Olyan utakon kereszt\u00fcl, ahol utolj\u00e1ra - ilyen form\u00e1ban - \u00e9vekkel ezel\u0151tt j\u00e1rtam.<\/p>\r\n[caption id=\"attachment_1009\" align=\"aligncenter\" width=\"640\"]<a href=\"https:\/\/maszi.cafeblog.hu\/files\/2016\/02\/hungary-1147243_640.jpg\"><img class=\"size-full wp-image-1009\" src=\"https:\/\/maszi.cafeblog.hu\/files\/2016\/02\/hungary-1147243_640.jpg\" alt=\"Fot\u00f3: pixabay.com\" width=\"640\" height=\"443\" \/><\/a> Fot\u00f3: pixabay.com[\/caption]\r\n<p>K\u00f6zben pedig az jutott eszembe, h\u00e1nyszor j\u00e1runk-kel\u00fcnk vakon a v\u00e1rosban. H\u00e1nyszor nem n\u00e9zz\u00fck meg a felett\u00fcnk magasod\u00f3 \u00e9p\u00fcletek legfels\u0151bb emeleteit, a h\u00e1ztet\u0151ket, az ablakokat, a kapukat, a kilincseket, a red\u0151ny\u00f6ket, a h\u00e1zt\u00e1bl\u00e1kat. Eml\u00e9kszem, m\u00e9g Budapestre j\u00e1rtam egyetemre, amikor B.-vel v\u00e9gigcsavarogtuk a v\u00e1rost. Gyalog. B. t\u00f6rt\u00e9nelmet is hallgatott, minden \u00e9p\u00fcletr\u0151l tudott hosszan mes\u00e9lni, feleleven\u00edtette a m\u00faltat a zajos jelenben, \u00e9s megtan\u00edtotta, hogy ak\u00e1r otthon, ak\u00e1r m\u00e1s orsz\u00e1gban, v\u00e1rosban j\u00e1rok, megtanuljak felfel\u00e9 is figyelni. (Nekem szem\u00e9ly szerint az utcan\u00e9vt\u00e1bl\u00e1k a heppem, de ez most m\u00e1s k\u00e9rd\u00e9s.)<\/p>\r\n[caption id=\"attachment_1010\" align=\"aligncenter\" width=\"2048\"]<a href=\"https:\/\/maszi.cafeblog.hu\/files\/2016\/02\/IMG_1676.jpg\"><img class=\"size-full wp-image-1010\" src=\"https:\/\/maszi.cafeblog.hu\/files\/2016\/02\/IMG_1676.jpg\" alt=\"Fot\u00f3: maszi\" width=\"2048\" height=\"1530\" \/><\/a> Fot\u00f3: maszi[\/caption]\r\n<p>\u00c9s ahhoz, hogy az ember (l\u00e1nya) sz\u00e9ps\u00e9get l\u00e1sson, nem felt\u00e9tlen\u00fcl kell k\u00fclf\u00f6ldre utazni. A m\u00falt sz\u00e1zadr\u00f3l \u00e1rulkod\u00f3 tekint\u00e9lyes \u00e9p\u00fcletek, a hetvenes \u00e9vek \u00e9p\u00edtkez\u00e9si l\u00e1z\u00e1t felid\u00e9z\u0151 egyen emeletesek, a v\u00e1rosok z\u00f6ld sz\u00edve, a parkok, a t\u00f3partok, a kis patakok felett \u00e1t\u00edvel\u0151 hidak, a t\u00f6redezett j\u00e1rd\u00e1k, a m\u00e1r csak eml\u00e9keinkben \u00e9l\u0151 utcafrontok - hely\u00fck\u00f6n a csillog\u00f3, modern, csupa ablak h\u00e1zakkal, a kacag\u00e1st id\u00e9z\u0151 sz\u00f6k\u0151kutak csobog\u00e1sa, a meg\u00fajult \u00e9s sokat szidott t\u00e9rk\u00f6vekkel burkolt nagy terek, az \u00f3v\u00e1rosi r\u00e9szek, a csendes kertv\u00e1rosi utc\u00e1k mind-mind sz\u00e9ps\u00e9gek. Ak\u00e1r ott \u00e9l\u00fcnk, ak\u00e1r nem. Ak\u00e1r tetszenek, ak\u00e1r nem. De a k\u00f6r\u00fcl\u00f6tt\u00fcnk v\u00e1ltoz\u00f3 v\u00e1ros r\u00e9szei, amit ak\u00e1r v\u00e9letlen\u00fcl, ak\u00e1r akarattal, de \u00e9rdemes megcsod\u00e1lni. Az ismert \u00e9s ismeretlen utc\u00e1kon pedig kell felfel\u00e9 n\u00e9zni. Mert a sz\u00e9ps\u00e9g az omladoz\u00f3 falak m\u00f6g\u00f6tt is ott van, m\u00e9g ha nem is kapta m\u00e9g meg meg\u00e9rdemelt d\u00edszruh\u00e1j\u00e1t.<\/p>","type":"rich","thumbnail_url":"https:\/\/maszi.cafeblog.hu\/files\/2016\/02\/hungary-1147243_640-150x150.jpg","thumbnail_width":150,"thumbnail_height":150}