{"version":"1.0","provider_name":"maszi","provider_url":"https:\/\/maszi.cafeblog.hu","author_name":"maszi","author_url":"https:\/\/maszi.cafeblog.hu\/author\/maszi\/","title":"A hib\u00e1s fantom","html":"[caption id=\"attachment_265\" align=\"alignnone\" width=\"759\"]<a href=\"https:\/\/maszi.cafeblog.hu\/files\/2015\/05\/fantom.jpg\"><img class=\" wp-image-265\" src=\"https:\/\/maszi.cafeblog.hu\/files\/2015\/05\/fantom-300x224.jpg\" alt=\"Fot\u00f3: maszi\" width=\"759\" height=\"567\" \/><\/a> Fot\u00f3: maszi[\/caption]\r\n<p style=\"text-align: justify\">Volt egy kis vit\u00e1m a szolg\u00e1ltat\u00f3val. T\u00f6mbh\u00e1zban lak\u00f3k\u00e9nt lak\u00e1ssz\u00f6vetkezethez tartozunk, rajtuk kereszt\u00fcl fut az \u00f6sszes \u00e1ltal\u00e1nos k\u00f6lts\u00e9g, az \u00fcgyes-bajos h\u00e9tk\u00f6znapok. Kaptam azt\u00e1n egy frank\u00f3 tavalyi elsz\u00e1mol\u00f3 levelet (\u00e1prilisban), hogy tartoz\u00e1st siker\u00fclt felhalmozni, harmincvalah\u00e1nyezer h\u00e1tral\u00e9kot. Mindez m\u00e9g hihet\u0151 is lenne, ha nem csoportos beszed\u00e9ssel fizetn\u00e9k (\u00e9rtsd a megb\u00edzott akkor \u00e9s \u00fagy turk\u00e1l a foly\u00f3sz\u00e1ml\u00e1dban, amikor \u00e9s ahogy akar). \u00c9vekre visszakeresett, \u00e1ltalam pontosan vezetett befizet\u00e9sekkel felszerelkezve mentem magyar\u00e1zatot k\u00e9rni. A hib\u00e1s koll\u00e9gan\u0151r\u0151l ott hallottam el\u0151sz\u00f6r. Szerettem volna tal\u00e1lkozni vele, hogy egy kicsit besz\u00e9lgess\u00fcnk. \"A koll\u00e9gan\u0151 elfelejtette vissza\u00e1ll\u00edtani a t\u00falfizet\u00e9s ut\u00e1ni cs\u00f6kkentett d\u00edjat\". \"A koll\u00e9gan\u0151 a m\u00e1sik irod\u00e1ban van, val\u00f3sz\u00edn\u0171leg \u0151 lesz a hib\u00e1s.\" \"Nem tudjuk, hogy t\u00f6rt\u00e9nhetett, a koll\u00e9gan\u0151 nincs bent.\" \"A koll\u00e9gan\u0151 4000 ember dolgait int\u00e9zi, \u00e9rtse meg, hogy hib\u00e1zhat.\"<\/p>\r\n<p style=\"text-align: justify\">\u00c9n meg\u00e9rtem. \u00c9n is foglalkozom adatokkal, emberekkel. \u00c9n is hib\u00e1zom. Apuk\u00e1m meg mozdonyvezet\u0151, t\u00f6bb tucat, j\u00e1ratonk\u00e9nt olykor t\u00f6bbsz\u00e1z ember \u00e9let\u00e9re figyel nap mint nap. \u0150 is hib\u00e1zhat. Ja, hogy ma kisiklottak? \u00c9rtse meg, mindenki hib\u00e1zhat.<\/p>\r\n<p style=\"text-align: justify\">\u00c9n nem a hib\u00e1t vitatom. \u00c9n is hib\u00e1zhatok. De v\u00e1llalom a felel\u0151ss\u00e9get (b\u00e1r nem \u00f6r\u00fcl\u00f6k neki, de ez van). Oda\u00e1llok sz\u00e9pen az \u00fcgyf\u00e9l el\u00e9, \u00e9s bocs\u00e1natot k\u00e9rek. (Ett\u0151l nem lesz meg a lelki \u00fcdv\u00fcnk, de legal\u00e1bb felv\u00e1llalom.) A szolg\u00e1ltat\u00f3n\u00e1l l\u00e9v\u0151 hib\u00e1z\u00f3 koll\u00e9g\u00e1t viszont nem tal\u00e1lom. Mindig m\u00e1shol van. (Az m\u00e1s k\u00e9rd\u00e9s, hogy v\u00e9g\u00fcl \u0151k is bocs\u00e1natot k\u00e9rtek, miut\u00e1n hat\u00e1rozottan kik\u00f6veteltem - kiab\u00e1l\u00e1s \u00e9s ordib\u00e1l\u00e1s \u00e9s tr\u00e1g\u00e1r szavak n\u00e9lk\u00fcl - egy eln\u00e9z\u00e9st\u00a0 k\u00e9r\u0151 levelet.) De az\u00e9rt az meglepett, hogy a hib\u00e1s koll\u00e9gan\u0151 v\u00e9g\u00fcl nem is hib\u00e1zott akkor\u00e1t, mivel a v\u00edz fogyaszt\u00e1s\u00e1n\u00e1l \u00e9ves szinten kb. 50 k\u00f6bm\u00e9terrel n\u0151tt a fogyaszt\u00e1sunk. Ezt meg \u00e9n nem jelentettem, ugye. Teh\u00e1t \u00e9n hib\u00e1ztam.<\/p>\r\n<p style=\"text-align: justify\">Azt\u00e1n sz\u00e1moltam. Kikeresve a prec\u00edzen vezetett \u00f3ra\u00e1ll\u00e1sokat, a napokban \u00fajfent a szolg\u00e1ltat\u00f3hoz j\u00e1rultam. (Megjegyzem: k\u00f6sz\u00f6n\u00f6m a sz\u00fcleimnek, hogy megtan\u00edtottak r\u00e1, vezessem az ilyen adatokat. Be kellett t\u00f6ltenem a b\u0171v\u00f6s harmincat, de legf\u0151k\u00e9ppen \u00f6n\u00e1ll\u00f3 h\u00e1ztart\u00e1st kellett vezetnem, hogy r\u00e1j\u00f6jjek, milyen fontosat tanultam - \u00e9rtsd, ne b\u00edzz senkiben, f\u0151leg ne a szolg\u00e1ltat\u00f3ban!) \u00c9s \"mitadisten\", megint igazam lett, r\u00e1ad\u00e1sul kider\u00fclt, hogy a koll\u00e9gan\u0151 rosszul vezette fel a dikt\u00e1lt adatokat. (Most m\u00e9g csak harcias sem voltam, de bizony\u00e1ra felismertek, mert a tal\u00e1lkoz\u00e1sn\u00e1l h\u00e1trah\u0151k\u00f6ltek - pedig komolyan, kor\u00e1bban sem kiab\u00e1ltam, nem ordib\u00e1ltam, tr\u00e1g\u00e1r szavakat sem haszn\u00e1ltam. Csak besz\u00e9lgetni akartam.) Most nem akartam besz\u00e9lgetni. Tudom, a hib\u00e1s koll\u00e9gan\u0151 val\u00f3j\u00e1ban nem l\u00e9tezik. \u0150 a szolg\u00e1ltat\u00f3 fantomja.<\/p>","type":"rich","thumbnail_url":"https:\/\/maszi.cafeblog.hu\/files\/2015\/05\/fantom-150x150.jpg","thumbnail_width":150,"thumbnail_height":150}